{"id":796,"date":"2020-12-16T17:17:43","date_gmt":"2020-12-16T16:17:43","guid":{"rendered":"https:\/\/www.gialdi.ch\/privacy\/"},"modified":"2021-11-24T11:35:02","modified_gmt":"2021-11-24T10:35:02","slug":"privacy","status":"publish","type":"page","link":"https:\/\/www.gialdi.ch\/fr\/privacy\/","title":{"rendered":"Politique de confidentialit\u00e9"},"content":{"rendered":"<section class=\"hero-header\" style=\"background-image:url('https:\/\/www.gialdi.ch\/wp-content\/uploads\/2020\/12\/hero-header-contatti.png');\" data-bkg=\"https:\/\/www.gialdi.ch\/wp-content\/uploads\/2020\/12\/hero-header-contatti.png\" data-bkg-md=\"https:\/\/www.gialdi.ch\/wp-content\/uploads\/2020\/12\/hero-header-contatti.png\">  \n\t<div>\n\t\t<div class=\"container\">\n\t\t\t<div class=\"row\">\n\t\t\t\t<div class=\"col-12\">\n\t\t\t\t\t<nav class=\"breadcrumb\"><span><span><a href=\"https:\/\/www.gialdi.ch\/fr\/\">Home<\/a><\/span><\/span><\/nav>\t\t\t\t<\/div>\n\t\t\t<\/div>\n\t\t<\/div>\n\t<\/div>\n<\/section>\n\n<section class=\"section-title\">\n\t<article class=\"section-article\">\n\t\t<div class=\"container\">\n\t\t\t<div class=\"row\">\n\t\t\t\t<div class=\"col-12 col-md-10 col-xl-8 mx-auto\">\n\t\t\t\t\t\t\t\t\t\t<h1>POLITIQUE DE CONFIDENTIALIT\u00c9<\/h1>\n\t\t\t\t\t\t\t\t\t\t\t\t\t\t\t<h2>Gialdi Vini SA, en tant que contr\u00f4leur de donn\u00e9es (ci-apr\u00e8s \u00ab\u00a0contr\u00f4leur\u00a0\u00bb), consid\u00e8re la confidentialit\u00e9 et la protection des donn\u00e9es personnelles comme une question importante dans son activit\u00e9. Pour cette raison, elle traite les donn\u00e9es personnelles \u00e0 la fois conform\u00e9ment \u00e0 la loi f\u00e9d\u00e9rale sur la protection des donn\u00e9es (LPD, 19 juin 1992) et aux dispositions du r\u00e8glement de l&rsquo;UE 679\/2016 ou GDPR, r\u00e8glement g\u00e9n\u00e9ral sur la protection des donn\u00e9es, (ci-apr\u00e8s \u00a0\u00bb r\u00e8glement \u00ab\u00a0). Nous vous invitons donc, avant de communiquer toute donn\u00e9e personnelle au Responsable du traitement, \u00e0 lire attentivement la pr\u00e9sente Politique de confidentialit\u00e9, car elle contient des informations tr\u00e8s utiles sur la protection de vos donn\u00e9es personnelles.\r\n<\/h2>\n\t\t\t\t\t\t\t\t\t\t\t\t\t\t\t<hr style=\"#BD9E55\">\n\t\t\t\t\t\t\t\t\t<\/div>\n\t\t\t<\/div>\n\t\t<\/div>\n\t<\/article>\n<\/section>\n\n<section class=\"mt-0\">\n\t<article class=\"section-article\">\n\t\t<div class=\"container\">\n\t\t\t<div class=\"row\">\n\t\t\t\t<div class=\"col-12 col-md-10 col-xl-8 mx-auto\">\n\t\t\t\t\t<p>La pr\u00e9sente politique de confidentialit\u00e9:<\/p>\n<p>est destin\u00e9e au site www.gialdi.ch (ci-apr\u00e8s d\u00e9nomm\u00e9 le \u00ab\u00a0site\u00a0\u00bb) et s&rsquo;applique dans tous les cas o\u00f9 il est fait r\u00e9f\u00e9rence ou qu&rsquo;il existe un lien vers cette d\u00e9claration ; elle fait partie int\u00e9grante du site et des services que nous offrons et est fournie \u00e0 ceux qui interagissent avec les services web du site. Le traitement de vos donn\u00e9es personnelles sera fond\u00e9 sur les principes d&rsquo;exactitude, de l\u00e9galit\u00e9, de transparence, de limitation de la finalit\u00e9 et du stockage, de minimisation et d&rsquo;exactitude, d&rsquo;int\u00e9grit\u00e9 et de confidentialit\u00e9, ainsi que sur le principe de responsabilit\u00e9. Vos donn\u00e9es personnelles seront donc trait\u00e9es conform\u00e9ment aux dispositions l\u00e9gales et aux obligations de confidentialit\u00e9 en vigueur. Nous vous informons que les donn\u00e9es personnelles trait\u00e9es peuvent consister &#8211; \u00e9galement en fonction de vos d\u00e9cisions sur l&rsquo;utilisation des services &#8211; en des informations textuelles, des images photographiques ou toute autre information capable de rendre la personne concern\u00e9e identifi\u00e9e ou identifiable, selon le type de services demand\u00e9s.<\/p>\n<p><strong>CONTR\u00d4LEUR DES DONN\u00c9ES<\/strong><br \/>\nLe responsable du traitement des donn\u00e9es est Gialdi Vini SA, dont le si\u00e8ge social est situ\u00e9 Via Vignoo 3 \/ CH 6850 Mendrisio.<\/p>\n<p><strong>DONN\u00c9ES PERSONNELLES FAISANT L&rsquo;OBJET D&rsquo;UN TRAITEMENT<\/strong><br \/>\nNous vous informons que les donn\u00e9es personnelles trait\u00e9es peuvent consister &#8211; \u00e9galement en fonction de vos d\u00e9cisions sur l&rsquo;utilisation des services &#8211; en un identifiant tel qu&rsquo;un nom, un num\u00e9ro, un ou plusieurs \u00e9l\u00e9ments caract\u00e9ristiques de votre identit\u00e9 capables de vous rendre identifi\u00e9 ou identifiable, en fonction du type de services demand\u00e9s (ci-apr\u00e8s uniquement \u00a0\u00bb donn\u00e9es personnelles \u00ab\u00a0).<br \/>\nLes donn\u00e9es personnelles trait\u00e9es par le Site sont les suivantes :<\/p>\n<p><strong>Donn\u00e9es de navigation<\/strong><br \/>\nAu cours de leur fonctionnement normal, les syst\u00e8mes informatiques et les proc\u00e9dures logicielles utilis\u00e9s pour faire fonctionner le site acqui\u00e8rent certaines donn\u00e9es personnelles, dont la transmission est implicite dans l&rsquo;utilisation des protocoles de communication Internet. Ces informations ne sont pas collect\u00e9es dans le but d&rsquo;\u00eatre associ\u00e9es \u00e0 des personnes int\u00e9ress\u00e9es identifi\u00e9es et le contr\u00f4leur des donn\u00e9es ne tentera en aucun cas de relier les donn\u00e9es contenues dans les protocoles de ses serveurs aux personnes qui ont visit\u00e9 le site. Toutefois, ces donn\u00e9es, par leur traitement et leur fusion avec des donn\u00e9es d\u00e9tenues par des tiers, pourraient, de par leur nature m\u00eame, permettre d&rsquo;identifier les utilisateurs. \u00c0 titre d&rsquo;exemple, cette cat\u00e9gorie de donn\u00e9es comprend les adresses IP ou les noms de domaine des ordinateurs utilis\u00e9s par les utilisateurs qui se connectent au site, les s\u00e9quences URI (Uniform Resource Identifier) des ressources demand\u00e9es, l&rsquo;heure de la demande, la m\u00e9thode utilis\u00e9e pour soumettre la demande au serveur, la taille du fichier obtenu en r\u00e9ponse, le code num\u00e9rique indiquant l&rsquo;\u00e9tat de la r\u00e9ponse donn\u00e9e par le serveur et d&rsquo;autres param\u00e8tres relatifs au syst\u00e8me d&rsquo;exploitation de l&rsquo;utilisateur. Ces donn\u00e9es sont utilis\u00e9es dans le seul but d&rsquo;obtenir des informations statistiques anonymes sur l&rsquo;utilisation du Site, de v\u00e9rifier son bon fonctionnement, d&rsquo;identifier les anomalies et\/ou les abus, et de mieux structurer le Site lui-m\u00eame. Ces donn\u00e9es pourraient \u00eatre utilis\u00e9es pour d\u00e9terminer les responsabilit\u00e9s en cas d&rsquo;hypoth\u00e9tiques d\u00e9lits informatiques contre le site ou des tiers.<\/p>\n<p><strong>Donn\u00e9es fournies volontairement par vous<\/strong><br \/>\nSans pr\u00e9judice d&rsquo;informations sp\u00e9cifiques, la pr\u00e9sente politique de confidentialit\u00e9 s&rsquo;applique \u00e9galement au traitement des donn\u00e9es que vous fournissez volontairement par le biais du site. En particulier, vous pouvez fournir des donn\u00e9es en remplissant le formulaire (ci-apr\u00e8s \u00ab\u00a0formulaire\u00a0\u00bb) d&rsquo;inscription \u00e0 la newsletter, de demande d&rsquo;informations, de services ou de produits, ainsi que des donn\u00e9es transmises par vous par courrier \u00e9lectronique. A cet \u00e9gard, nous vous invitons \u00e0 ne pas inclure dans les formulaires contenus dans le Site des informations susceptibles de relever des cat\u00e9gories particuli\u00e8res de donn\u00e9es \u00e0 caract\u00e8re personnel vis\u00e9es \u00e0 l&rsquo;article 9 du R\u00e8glement (par exemple, des donn\u00e9es relatives \u00e0 vos opinions politiques, vos croyances religieuses ou votre \u00e9tat de sant\u00e9).<\/p>\n<p><strong>Donn\u00e9es de tiers fournies volontairement par vous<\/strong><br \/>\nDans le cadre de l&rsquo;utilisation de services particuliers, les donn\u00e9es personnelles de tiers communiqu\u00e9es par vous au Responsable du traitement peuvent \u00eatre trait\u00e9es. Dans ces cas, vous agissez en tant que contr\u00f4leur autonome des donn\u00e9es, assumant toutes les obligations et responsabilit\u00e9s de la loi. A cet \u00e9gard, vous accordez la plus large indemnisation possible contre toute contestation, r\u00e9clamation ou demande de r\u00e9paration de dommages caus\u00e9s par le traitement, qui pourrait \u00eatre re\u00e7ue par le Responsable du traitement de la part de tiers dont les donn\u00e9es personnelles ont \u00e9t\u00e9 trait\u00e9es par votre utilisation des services du Site en violation de la r\u00e9glementation applicable en mati\u00e8re de protection des donn\u00e9es. Dans tous les cas, si vous fournissez ou traitez des donn\u00e9es personnelles de tiers dans le cadre de l&rsquo;utilisation du Site, vous garantissez d\u00e8s \u00e0 pr\u00e9sent &#8211; en assumant toute responsabilit\u00e9 y aff\u00e9rente &#8211; que ce cas particulier de traitement est fond\u00e9 sur l&rsquo;acquisition pr\u00e9alable &#8211; par vous &#8211; du consentement du tiers au traitement des informations le concernant.<\/p>\n<p><strong>Cookies<\/strong><br \/>\nDes informations sur les cookies utilis\u00e9s par le site sont disponibles sur le <a href=\"https:\/\/www.gialdi.ch\/fr\/cookie-policy\/\">lien suivant<\/a>.<\/p>\n<p><strong>FINALIT\u00c9 DU TRAITEMENT<\/strong><br \/>\nVos donn\u00e9es personnelles seront trait\u00e9es, le cas \u00e9ch\u00e9ant avec votre consentement, aux fins suivantes pour remplir toutes les obligations pr\u00e9vues par les lois, les r\u00e8glements ou la l\u00e9gislation communautaire applicables, ainsi que pour r\u00e9pondre aux demandes des autorit\u00e9s ; pour permettre la navigation sur le Site et la prestation des services du Propri\u00e9taire, outre les finalit\u00e9s strictement li\u00e9es et\/ou instrumentales et\/ou n\u00e9cessaires \u00e0 l&rsquo;ex\u00e9cution des contrats conclus avec l&rsquo;int\u00e9ress\u00e9 ; pour r\u00e9pondre \u00e0 des demandes sp\u00e9cifiques adress\u00e9es au Propri\u00e9taire, afin de fournir les informations, services ou produits demand\u00e9s, ainsi que pour r\u00e9pondre aux messages envoy\u00e9s par vous ; pour envoyer la newsletter \u00e0 laquelle vous vous \u00eates abonn\u00e9, sans pr\u00e9judice de la possibilit\u00e9 de vous d\u00e9sabonner de la liste des destinataires, en s\u00e9lectionnant le lien appropri\u00e9 dans chaque message ; \u00e0 des fins statistiques, sans qu&rsquo;il soit possible de retrouver votre identit\u00e9. Le traitement de vos donn\u00e9es pourra \u00eatre effectu\u00e9 \u00e0 l&rsquo;aide d&rsquo;outils manuels, informatis\u00e9s et t\u00e9l\u00e9matiques, ainsi qu&rsquo;\u00e0 l&rsquo;aide de m\u00e9thodes automatis\u00e9es pour leur stockage, leur gestion et leur transmission ; il sera effectu\u00e9 \u00e0 l&rsquo;aide d&rsquo;outils adapt\u00e9s (dans la mesure o\u00f9 cela est raisonnablement n\u00e9cessaire et conforme \u00e0 l&rsquo;\u00e9tat de l&rsquo;art) pour garantir la s\u00e9curit\u00e9 et la confidentialit\u00e9 gr\u00e2ce \u00e0 l&rsquo;utilisation de proc\u00e9dures appropri\u00e9es qui \u00e9vitent le risque de perte, d&rsquo;acc\u00e8s non autoris\u00e9, d&rsquo;utilisation et de diffusion illicites.<br \/>\nLes donn\u00e9es sont conserv\u00e9es dans des archives informatiques et t\u00e9l\u00e9matiques, et &#8211; \u00e0 titre r\u00e9siduel &#8211; sur papier, avec la pleine assurance des mesures de s\u00e9curit\u00e9 pr\u00e9vues par le l\u00e9gislateur.<br \/>\nDes mesures de s\u00e9curit\u00e9 sp\u00e9cifiques sont observ\u00e9es pour pr\u00e9venir la perte de donn\u00e9es, l&rsquo;utilisation ill\u00e9gale ou incorrecte et l&rsquo;acc\u00e8s non autoris\u00e9.<\/p>\n<p><strong>BASE JURIDIQUE ET CARACT\u00c8RE OBLIGATOIRE OU FACULTATIF DU TRAITEMENT<\/strong><br \/>\nLa finalit\u00e9 vis\u00e9e \u00e0 la section 3.1 repr\u00e9sente un traitement l\u00e9gitime des donn\u00e9es \u00e0 caract\u00e8re personnel puisqu&rsquo;elle est n\u00e9cessaire pour respecter une obligation l\u00e9gale \u00e0 laquelle le contr\u00f4leur est soumis. Une fois que les donn\u00e9es personnelles ont \u00e9t\u00e9 fournies, en effet, le traitement est n\u00e9cessaire pour respecter les obligations l\u00e9gales auxquelles le contr\u00f4leur est soumis. La base juridique du traitement des donn\u00e9es \u00e0 caract\u00e8re personnel aux fins vis\u00e9es aux points 3.2, 3.3 et 3.4 est la n\u00e9cessit\u00e9 d&rsquo;ex\u00e9cuter un contrat auquel la personne concern\u00e9e est partie ou des mesures pr\u00e9contractuelles prises \u00e0 la demande de la personne concern\u00e9e, le traitement \u00e9tant n\u00e9cessaire \u00e0 la prestation de services. La fourniture de donn\u00e9es personnelles \u00e0 ces fins est facultative, mais leur absence rendrait impossible l&rsquo;activation des services demand\u00e9s. En ce qui concerne le traitement de vos donn\u00e9es appartenant \u00e0 des cat\u00e9gories sp\u00e9cifiques (comme, par exemple, les donn\u00e9es r\u00e9v\u00e9lant l&rsquo;origine raciale ou ethnique, les opinions politiques, les convictions religieuses ou philosophiques, l&rsquo;appartenance syndicale, ainsi que les donn\u00e9es g\u00e9n\u00e9tiques, les donn\u00e9es biom\u00e9triques destin\u00e9es \u00e0 identifier de mani\u00e8re unique une personne physique, les donn\u00e9es relatives \u00e0 la sant\u00e9 ou \u00e0 la vie, respectivement l&rsquo;orientation sexuelle), dans le cas improbable o\u00f9, malgr\u00e9 notre avis contraire, vous nous les communiquez, il a pour base juridique votre consentement expr\u00e8s. Enfin, nous rappelons que le traitement vis\u00e9 au point 3.5 n&rsquo;est pas effectu\u00e9 sur des donn\u00e9es \u00e0 caract\u00e8re personnel ; par cons\u00e9quent, il peut \u00eatre librement effectu\u00e9 par le Responsable du traitement.<\/p>\n<p><strong>LES DESTINATAIRES DES DONN\u00c9ES PERSONNELLES<\/strong><br \/>\nLe contr\u00f4leur ne vend pas, ne transf\u00e8re pas et ne transmet pas d&rsquo;une autre mani\u00e8re vos donn\u00e9es personnelles \u00e0 des tiers. Les donn\u00e9es personnelles peuvent \u00eatre partag\u00e9es, aux fins \u00e9nonc\u00e9es dans la section 3 de la pr\u00e9sente politique de confidentialit\u00e9, avec : les entit\u00e9s qui agissent g\u00e9n\u00e9ralement en tant que contr\u00f4leurs de donn\u00e9es, \u00e0 savoir : i) les personnes, les soci\u00e9t\u00e9s ou les cabinets professionnels qui fournissent une assistance et des conseils au Responsable du traitement en mati\u00e8re comptable, administrative, juridique, fiscale et financi\u00e8re ; ii) les parties d\u00e9l\u00e9gu\u00e9es pour effectuer des activit\u00e9s de maintenance technique ; iii) les \u00e9tablissements de cr\u00e9dit, les compagnies d&rsquo;assurance et les courtiers ; iv) les soci\u00e9t\u00e9s m\u00e8res, les filiales et les soci\u00e9t\u00e9s associ\u00e9es du Responsable du traitement, limit\u00e9es \u00e0 la poursuite de finalit\u00e9s administratives-comptables et\/ou li\u00e9es \u00e0 l&rsquo;exercice d&rsquo;activit\u00e9s de nature organisationnelle, commerciale, administrative, financi\u00e8re et comptable ; les entit\u00e9s, organismes ou autorit\u00e9s auxquels il est obligatoire de communiquer vos donn\u00e9es personnelles en vertu de dispositions l\u00e9gales ou d&rsquo;ordres des autorit\u00e9s ; les personnes autoris\u00e9es par le Contr\u00f4leur des donn\u00e9es \u00e0 traiter les donn\u00e9es personnelles n\u00e9cessaires \u00e0 la r\u00e9alisation d&rsquo;activit\u00e9s strictement li\u00e9es \u00e0 la prestation de services, qui s&rsquo;engagent \u00e0 la confidentialit\u00e9 et adoptent des normes conformes au GDPR.<\/p>\n<p><strong>TRANSFERTS DE DONN\u00c9ES PERSONNELLES<\/strong><br \/>\nVos donn\u00e9es personnelles sont trait\u00e9es dans le pays o\u00f9 le contr\u00f4leur de donn\u00e9es est bas\u00e9, ainsi qu&rsquo;en Italie. Par souci de clart\u00e9, nous vous informons que la Suisse est un pays o\u00f9 les donn\u00e9es \u00e0 caract\u00e8re personnel peuvent \u00e9galement \u00eatre trait\u00e9es et transf\u00e9r\u00e9es en vertu du GDPR, car elle offre une protection ad\u00e9quate au niveau requis par la r\u00e9glementation europ\u00e9enne, conform\u00e9ment \u00e0 l&rsquo;article 45 du r\u00e8glement (UE) 2016\/679. En effet, la Commission europ\u00e9enne a adopt\u00e9 la d\u00e9cision du 26 juillet 2000, dans laquelle elle a d\u00e9termin\u00e9 que la l\u00e9gislation suisse offre un niveau de protection ad\u00e9quat aux normes europ\u00e9ennes. Conform\u00e9ment au r\u00e8glement, cette d\u00e9cision reste valable jusqu&rsquo;\u00e0 ce qu&rsquo;elle soit modifi\u00e9e, remplac\u00e9e ou abrog\u00e9e par une d\u00e9cision de la Commission. Le Responsable du traitement s&rsquo;assure \u00e9galement que le traitement de vos donn\u00e9es personnelles par les Destinataires est effectu\u00e9 en conformit\u00e9 avec le R\u00e8glement.<\/p>\n<p><strong>STOCKAGE DES DONN\u00c9ES PERSONNELLES<\/strong><br \/>\nLes donn\u00e9es personnelles trait\u00e9es aux fins \u00e9nonc\u00e9es au point 3.1 seront conserv\u00e9es aussi longtemps que l&rsquo;exige l&rsquo;obligation sp\u00e9cifique ou la r\u00e8gle de droit. Les donn\u00e9es personnelles trait\u00e9es aux fins vis\u00e9es aux points 3.2, 3.3 et 3.4 seront conserv\u00e9es pendant le temps strictement n\u00e9cessaire \u00e0 la r\u00e9alisation des objectifs susmentionn\u00e9s, dans le cadre de l&rsquo;ex\u00e9cution des services que vous avez demand\u00e9s. Dans tous les cas, \u00e9tant donn\u00e9 que le traitement est effectu\u00e9 pour la prestation de services, le Responsable du traitement conservera les donn\u00e9es personnelles pendant la p\u00e9riode pr\u00e9vue et autoris\u00e9e pour l&rsquo;accomplissement des exigences contractuelles, administratives, fiscales ou judiciaires.<\/p>\n<p><strong>DROITS DE LA PERSONNE CONCERN\u00c9E<\/strong><br \/>\nVous avez le droit d&rsquo;acc\u00e8s, c&rsquo;est-\u00e0-dire le droit d&rsquo;obtenir du responsable du traitement la confirmation que des donn\u00e9es \u00e0 caract\u00e8re personnel sont trait\u00e9es ou non, ainsi que d&rsquo;obtenir des informations sur les finalit\u00e9s et les m\u00e9thodes de traitement, les destinataires des donn\u00e9es, les crit\u00e8res utilis\u00e9s pour d\u00e9terminer la dur\u00e9e de conservation des donn\u00e9es, l&rsquo;origine des donn\u00e9es (si elles n&rsquo;ont pas \u00e9t\u00e9 collect\u00e9es aupr\u00e8s de la personne concern\u00e9e) et l&rsquo;existence d&rsquo;un processus d\u00e9cisionnel automatis\u00e9. le droit d&rsquo;obtenir une copie des donn\u00e9es \u00e0 caract\u00e8re personnel trait\u00e9es ; le droit de faire rectifier et compl\u00e9ter des donn\u00e9es \u00e0 caract\u00e8re personnel incompl\u00e8tes, y compris en fournissant une d\u00e9claration compl\u00e9mentaire ; le droit de faire effacer les donn\u00e9es (ce droit peut \u00eatre limit\u00e9 si le traitement est n\u00e9cessaire \u00e0 la constatation, \u00e0 l&rsquo;exercice ou \u00e0 la d\u00e9fense d&rsquo;un droit en justice) ; le droit de faire restreindre le traitement par le contr\u00f4leur ; le droit de retirer son consentement, dans les cas o\u00f9 celui-ci a \u00e9t\u00e9 donn\u00e9 pr\u00e9c\u00e9demment, sans pr\u00e9judice de la lic\u00e9it\u00e9 du traitement fond\u00e9 sur le consentement donn\u00e9 avant le retrait ; le droit de s&rsquo;opposer, pour des motifs l\u00e9gitimes, au traitement de ses donn\u00e9es personnelles, y compris en cas de traitement \u00e0 des fins de marketing direct ; le droit \u00e0 la portabilit\u00e9 des donn\u00e9es ; le droit de s&rsquo;opposer \u00e0 une prise de d\u00e9cision automatis\u00e9e concernant des personnes physiques, y compris le profilage ; le droit d&rsquo;introduire une plainte aupr\u00e8s de l&rsquo;autorit\u00e9 de contr\u00f4le. Ces droits peuvent \u00eatre exerc\u00e9s en envoyant un courrier \u00e9lectronique \u00e0 l&rsquo;adresse fournie par le contr\u00f4leur des donn\u00e9es.<br \/>\nDans le cas o\u00f9 votre demande serait infond\u00e9e ou excessive, le contr\u00f4leur se r\u00e9serve le droit de facturer des frais et de refuser de donner suite \u00e0 votre demande.<\/p>\n<p><strong>EXISTENCE D&rsquo;UN PROCESSUS D\u00c9CISIONNEL AUTOMATIS\u00c9<\/strong><br \/>\nIl n&rsquo;existe pas de processus d\u00e9cisionnel automatis\u00e9 pour le profilage des clients.<\/p>\n<p><strong>REPR\u00c9SENTANT DU RESPONSABLE DU TRAITEMENT DES DONN\u00c9ES<\/strong><br \/>\nAfin de disposer d&rsquo;un interlocuteur pour toutes les questions relatives au traitement, le responsable du traitement a d\u00e9sign\u00e9 un repr\u00e9sentant \u00e9tabli dans l&rsquo;UE conform\u00e9ment \u00e0 l&rsquo;art. 27 du r\u00e8glement (UE) 2016\/679, en vigueur au bureau des affaires juridiques qui peut \u00eatre joint \u00e0 l&rsquo;adresse \u00e9lectronique <a href=\"mailto:info@gialdi.ch\">info@gialdi.ch<\/a>.<\/p>\n<p><strong>CHANGEMENTS<\/strong><br \/>\nLe Propri\u00e9taire se r\u00e9serve le droit de modifier ou simplement de mettre \u00e0 jour le contenu de cette politique de confidentialit\u00e9, en partie ou en totalit\u00e9, \u00e9galement en raison de changements dans la l\u00e9gislation applicable. Le Propri\u00e9taire vous informera de ces modifications et elles seront contraignantes d\u00e8s leur publication sur le Site. Le Responsable du traitement vous invite donc \u00e0 visiter r\u00e9guli\u00e8rement cette section afin de prendre connaissance de la version la plus r\u00e9cente et mise \u00e0 jour de la Politique de confidentialit\u00e9, de mani\u00e8re \u00e0 toujours \u00eatre inform\u00e9 des donn\u00e9es collect\u00e9es et de l&rsquo;utilisation qui en est faite par le Responsable du traitement.<\/p>\n<p><strong>CONTACTS<\/strong><br \/>\nPour exercer les droits susmentionn\u00e9s ou pour toute autre demande, veuillez envoyer un courrier \u00e9lectronique \u00e0 <a href=\"mailto:info@gialdi.ch\">info@gialdi.ch<\/a>.<\/p>\n\t\t\t\t<\/div>\n\t\t\t<\/div>\n\t\t\t\t\t<div class=\"row\">\n\t\t\t\t\t\t\t<div class=\"col-12 col-md-5 col-xl-4 twocols offset-md-1 offset-xl-2\">\n\t\t\t\t\t\t\t\t\t<\/div>\n\t\t\t\t\t\t\t\t\t\t\t<div class=\"col-12 col-md-5 col-xl-4 twocols\">\n\t\t\t\t\t\t\t\t\t<\/div>\n\t\t\t\t\t\t\t\t\t\t<\/div>\n\t\t\t\t<\/div>\n\t<\/article>\n<\/section>","protected":false},"excerpt":{"rendered":"","protected":false},"author":1,"featured_media":0,"parent":0,"menu_order":0,"comment_status":"closed","ping_status":"closed","template":"","meta":{"_acf_changed":false,"inline_featured_image":false,"footnotes":""},"class_list":["post-796","page","type-page","status-publish","hentry"],"acf":[],"yoast_head":"<!-- This site is optimized with the Yoast SEO plugin v27.2 - https:\/\/yoast.com\/product\/yoast-seo-wordpress\/ -->\n<title>Politique de confidentialit\u00e9 - Gialdi<\/title>\n<meta name=\"robots\" content=\"noindex, nofollow\" \/>\n<meta property=\"og:locale\" content=\"fr_FR\" \/>\n<meta property=\"og:type\" content=\"article\" \/>\n<meta property=\"og:title\" content=\"Politique de confidentialit\u00e9 - Gialdi\" \/>\n<meta property=\"og:url\" content=\"https:\/\/www.gialdi.ch\/fr\/privacy\/\" \/>\n<meta property=\"og:site_name\" content=\"Gialdi\" \/>\n<meta property=\"article:modified_time\" content=\"2021-11-24T10:35:02+00:00\" \/>\n<meta name=\"twitter:card\" content=\"summary_large_image\" \/>\n<script type=\"application\/ld+json\" class=\"yoast-schema-graph\">{\"@context\":\"https:\/\/schema.org\",\"@graph\":[{\"@type\":\"WebPage\",\"@id\":\"https:\/\/www.gialdi.ch\/fr\/privacy\/\",\"url\":\"https:\/\/www.gialdi.ch\/fr\/privacy\/\",\"name\":\"Politique de confidentialit\u00e9 - Gialdi\",\"isPartOf\":{\"@id\":\"https:\/\/www.gialdi.ch\/fr\/#website\"},\"datePublished\":\"2020-12-16T16:17:43+00:00\",\"dateModified\":\"2021-11-24T10:35:02+00:00\",\"breadcrumb\":{\"@id\":\"https:\/\/www.gialdi.ch\/fr\/privacy\/#breadcrumb\"},\"inLanguage\":\"fr-FR\",\"potentialAction\":[{\"@type\":\"ReadAction\",\"target\":[\"https:\/\/www.gialdi.ch\/fr\/privacy\/\"]}]},{\"@type\":\"BreadcrumbList\",\"@id\":\"https:\/\/www.gialdi.ch\/fr\/privacy\/#breadcrumb\",\"itemListElement\":[{\"@type\":\"ListItem\",\"position\":1,\"name\":\"Home\",\"item\":\"https:\/\/www.gialdi.ch\/fr\/\"},{\"@type\":\"ListItem\",\"position\":2,\"name\":\"Politique de confidentialit\u00e9\"}]},{\"@type\":\"WebSite\",\"@id\":\"https:\/\/www.gialdi.ch\/fr\/#website\",\"url\":\"https:\/\/www.gialdi.ch\/fr\/\",\"name\":\"Gialdi\",\"description\":\"Gialdi Vini\",\"publisher\":{\"@id\":\"https:\/\/www.gialdi.ch\/fr\/#organization\"},\"potentialAction\":[{\"@type\":\"SearchAction\",\"target\":{\"@type\":\"EntryPoint\",\"urlTemplate\":\"https:\/\/www.gialdi.ch\/fr\/?s={search_term_string}\"},\"query-input\":{\"@type\":\"PropertyValueSpecification\",\"valueRequired\":true,\"valueName\":\"search_term_string\"}}],\"inLanguage\":\"fr-FR\"},{\"@type\":\"Organization\",\"@id\":\"https:\/\/www.gialdi.ch\/fr\/#organization\",\"name\":\"Gialdi Vini SA\",\"url\":\"https:\/\/www.gialdi.ch\/fr\/\",\"logo\":{\"@type\":\"ImageObject\",\"inLanguage\":\"fr-FR\",\"@id\":\"https:\/\/www.gialdi.ch\/fr\/#\/schema\/logo\/image\/\",\"url\":\"https:\/\/www.gialdi.ch\/wp-content\/uploads\/2020\/12\/logo-gialdi.png\",\"contentUrl\":\"https:\/\/www.gialdi.ch\/wp-content\/uploads\/2020\/12\/logo-gialdi.png\",\"width\":302,\"height\":152,\"caption\":\"Gialdi Vini SA\"},\"image\":{\"@id\":\"https:\/\/www.gialdi.ch\/fr\/#\/schema\/logo\/image\/\"}}]}<\/script>\n<!-- \/ Yoast SEO plugin. -->","yoast_head_json":{"title":"Politique de confidentialit\u00e9 - Gialdi","robots":{"index":"noindex","follow":"nofollow"},"og_locale":"fr_FR","og_type":"article","og_title":"Politique de confidentialit\u00e9 - Gialdi","og_url":"https:\/\/www.gialdi.ch\/fr\/privacy\/","og_site_name":"Gialdi","article_modified_time":"2021-11-24T10:35:02+00:00","twitter_card":"summary_large_image","schema":{"@context":"https:\/\/schema.org","@graph":[{"@type":"WebPage","@id":"https:\/\/www.gialdi.ch\/fr\/privacy\/","url":"https:\/\/www.gialdi.ch\/fr\/privacy\/","name":"Politique de confidentialit\u00e9 - Gialdi","isPartOf":{"@id":"https:\/\/www.gialdi.ch\/fr\/#website"},"datePublished":"2020-12-16T16:17:43+00:00","dateModified":"2021-11-24T10:35:02+00:00","breadcrumb":{"@id":"https:\/\/www.gialdi.ch\/fr\/privacy\/#breadcrumb"},"inLanguage":"fr-FR","potentialAction":[{"@type":"ReadAction","target":["https:\/\/www.gialdi.ch\/fr\/privacy\/"]}]},{"@type":"BreadcrumbList","@id":"https:\/\/www.gialdi.ch\/fr\/privacy\/#breadcrumb","itemListElement":[{"@type":"ListItem","position":1,"name":"Home","item":"https:\/\/www.gialdi.ch\/fr\/"},{"@type":"ListItem","position":2,"name":"Politique de confidentialit\u00e9"}]},{"@type":"WebSite","@id":"https:\/\/www.gialdi.ch\/fr\/#website","url":"https:\/\/www.gialdi.ch\/fr\/","name":"Gialdi","description":"Gialdi Vini","publisher":{"@id":"https:\/\/www.gialdi.ch\/fr\/#organization"},"potentialAction":[{"@type":"SearchAction","target":{"@type":"EntryPoint","urlTemplate":"https:\/\/www.gialdi.ch\/fr\/?s={search_term_string}"},"query-input":{"@type":"PropertyValueSpecification","valueRequired":true,"valueName":"search_term_string"}}],"inLanguage":"fr-FR"},{"@type":"Organization","@id":"https:\/\/www.gialdi.ch\/fr\/#organization","name":"Gialdi Vini SA","url":"https:\/\/www.gialdi.ch\/fr\/","logo":{"@type":"ImageObject","inLanguage":"fr-FR","@id":"https:\/\/www.gialdi.ch\/fr\/#\/schema\/logo\/image\/","url":"https:\/\/www.gialdi.ch\/wp-content\/uploads\/2020\/12\/logo-gialdi.png","contentUrl":"https:\/\/www.gialdi.ch\/wp-content\/uploads\/2020\/12\/logo-gialdi.png","width":302,"height":152,"caption":"Gialdi Vini SA"},"image":{"@id":"https:\/\/www.gialdi.ch\/fr\/#\/schema\/logo\/image\/"}}]}},"_links":{"self":[{"href":"https:\/\/www.gialdi.ch\/fr\/wp-json\/wp\/v2\/pages\/796","targetHints":{"allow":["GET"]}}],"collection":[{"href":"https:\/\/www.gialdi.ch\/fr\/wp-json\/wp\/v2\/pages"}],"about":[{"href":"https:\/\/www.gialdi.ch\/fr\/wp-json\/wp\/v2\/types\/page"}],"author":[{"embeddable":true,"href":"https:\/\/www.gialdi.ch\/fr\/wp-json\/wp\/v2\/users\/1"}],"replies":[{"embeddable":true,"href":"https:\/\/www.gialdi.ch\/fr\/wp-json\/wp\/v2\/comments?post=796"}],"version-history":[{"count":0,"href":"https:\/\/www.gialdi.ch\/fr\/wp-json\/wp\/v2\/pages\/796\/revisions"}],"wp:attachment":[{"href":"https:\/\/www.gialdi.ch\/fr\/wp-json\/wp\/v2\/media?parent=796"}],"curies":[{"name":"wp","href":"https:\/\/api.w.org\/{rel}","templated":true}]}}